{"id":4,"date":"2014-12-18T21:23:28","date_gmt":"2014-12-18T21:23:28","guid":{"rendered":"https:\/\/armstrongyregion.com.ar\/diario\/?page_id=4"},"modified":"2025-06-03T12:43:36","modified_gmt":"2025-06-03T12:43:36","slug":"home","status":"publish","type":"page","link":"https:\/\/armstrongyregion.com.ar\/diario\/","title":{"rendered":"Home"},"content":{"rendered":"<div id=\"aq-template-wrapper-7\" class=\"aq-template-wrapper prl-grid prl-grid-divider prl-panel\"><div class=\"prl-span-12 prl-panel clearfix\">\t\t\n\t\t\t\n\t\t<div id=\"sliderTab\" class=\"tabs-right\">\n\t\t\t<div id=\"mainFlexslider\" class=\"slider_content flexslider\" >\n\t\t\t\t<ul class=\"slides\">\n\t\t\t\t \t\t\t\t  <li>\n\t\t\t\t   <article> \n\t\t\t\t\t\t<div class=\"slider_title\">\n\t\t\t\t\t\t\t\t<div class=\"prl-article-meta\">\n\t\t<span>abril 30, 2026<\/span>\t\t\t\t<span><a href=\"https:\/\/armstrongyregion.com.ar\/diario\/emiliano-gramigna-la-reduccion-de-bancas-es-el-punto-final-a-un-proceso-de-optimizacion-del-concejo\/#respond\" class=\"comments-link\" >0 comments<\/a><\/span> \t\t \n\t<\/div>\n\t\t\t\t\t\t\t<h2><a href=\"https:\/\/armstrongyregion.com.ar\/diario\/emiliano-gramigna-la-reduccion-de-bancas-es-el-punto-final-a-un-proceso-de-optimizacion-del-concejo\/\" title=\"Emiliano Gramigna: \u201cLa reducci\u00f3n de bancas es el punto final a un proceso de optimizaci\u00f3n del Concejo\u201d\">Emiliano Gramigna: \u201cLa reducci\u00f3n de bancas es el punto final a un proceso de optimizaci\u00f3n del Concejo\u201d<\/a>  <\/h2>\n\t\t\t\t\t\t<\/div>\n\t\t\t\t\t   <a href=\"https:\/\/armstrongyregion.com.ar\/diario\/emiliano-gramigna-la-reduccion-de-bancas-es-el-punto-final-a-un-proceso-de-optimizacion-del-concejo\/\" title=\"Emiliano Gramigna: \u201cLa reducci\u00f3n de bancas es el punto final a un proceso de optimizaci\u00f3n del Concejo\u201d\" rel=\"bookmark\"><img loading=\"lazy\" decoding=\"async\" width=\"550\" height=\"368\" src=\"https:\/\/armstrongyregion.com.ar\/diario\/wp-content\/uploads\/2026\/03\/EMILIANO-GRAMIGNA-2026--550x368.jpg\" alt=\"Emiliano Gramigna: \u201cLa reducci\u00f3n de bancas es el punto final a un proceso de optimizaci\u00f3n del Concejo\u201d\" \/><\/a>\n\t\t\t\t   <\/article>\n\t\t\t\t <\/li>\n\t\t\t\t \t\t\t\t  <li>\n\t\t\t\t   <article> \n\t\t\t\t\t\t<div class=\"slider_title\">\n\t\t\t\t\t\t\t\t<div class=\"prl-article-meta\">\n\t\t<span>abril 30, 2026<\/span>\t\t\t\t<span><a href=\"https:\/\/armstrongyregion.com.ar\/diario\/inclusion-real-el-concejal-rodrigo-migliozzi-impulsa-un-programa-de-acompanamiento-laboral-para-personas-con-discapacidad\/#respond\" class=\"comments-link\" >0 comments<\/a><\/span> \t\t \n\t<\/div>\n\t\t\t\t\t\t\t<h2><a href=\"https:\/\/armstrongyregion.com.ar\/diario\/inclusion-real-el-concejal-rodrigo-migliozzi-impulsa-un-programa-de-acompanamiento-laboral-para-personas-con-discapacidad\/\" title=\"Inclusi\u00f3n real: El concejal Rodrigo Migliozzi impulsa un programa de acompa\u00f1amiento laboral para personas con discapacidad.\">Inclusi\u00f3n real: El concejal Rodrigo Migliozzi impulsa un programa de acompa\u00f1amiento laboral para personas con discapacidad.<\/a>  <\/h2>\n\t\t\t\t\t\t<\/div>\n\t\t\t\t\t   <a href=\"https:\/\/armstrongyregion.com.ar\/diario\/inclusion-real-el-concejal-rodrigo-migliozzi-impulsa-un-programa-de-acompanamiento-laboral-para-personas-con-discapacidad\/\" title=\"Inclusi\u00f3n real: El concejal Rodrigo Migliozzi impulsa un programa de acompa\u00f1amiento laboral para personas con discapacidad.\" rel=\"bookmark\"><img loading=\"lazy\" decoding=\"async\" width=\"550\" height=\"368\" src=\"https:\/\/armstrongyregion.com.ar\/diario\/wp-content\/uploads\/2026\/03\/RODRIGO-MIGLIOZZI-26--550x368.jpg\" alt=\"Inclusi\u00f3n real: El concejal Rodrigo Migliozzi impulsa un programa de acompa\u00f1amiento laboral para personas con discapacidad.\" \/><\/a>\n\t\t\t\t   <\/article>\n\t\t\t\t <\/li>\n\t\t\t\t \t\t\t\t  <li>\n\t\t\t\t   <article> \n\t\t\t\t\t\t<div class=\"slider_title\">\n\t\t\t\t\t\t\t\t<div class=\"prl-article-meta\">\n\t\t<span>abril 30, 2026<\/span>\t\t\t\t<span><a href=\"https:\/\/armstrongyregion.com.ar\/diario\/hacia-un-concejo-mas-austero-pertusati-destaco-el-caracter-historico-de-la-reduccion-de-bancas-en-armstrong\/#respond\" class=\"comments-link\" >0 comments<\/a><\/span> \t\t \n\t<\/div>\n\t\t\t\t\t\t\t<h2><a href=\"https:\/\/armstrongyregion.com.ar\/diario\/hacia-un-concejo-mas-austero-pertusati-destaco-el-caracter-historico-de-la-reduccion-de-bancas-en-armstrong\/\" title=\"Hacia un Concejo m\u00e1s austero: Pertusati destac\u00f3 el car\u00e1cter hist\u00f3rico de la reducci\u00f3n de bancas en Armstrong.\">Hacia un Concejo m\u00e1s austero: Pertusati destac\u00f3 el car\u00e1cter hist\u00f3rico de la reducci\u00f3n de bancas en Armstrong.<\/a>  <\/h2>\n\t\t\t\t\t\t<\/div>\n\t\t\t\t\t   <a href=\"https:\/\/armstrongyregion.com.ar\/diario\/hacia-un-concejo-mas-austero-pertusati-destaco-el-caracter-historico-de-la-reduccion-de-bancas-en-armstrong\/\" title=\"Hacia un Concejo m\u00e1s austero: Pertusati destac\u00f3 el car\u00e1cter hist\u00f3rico de la reducci\u00f3n de bancas en Armstrong.\" rel=\"bookmark\"><img loading=\"lazy\" decoding=\"async\" width=\"550\" height=\"368\" src=\"https:\/\/armstrongyregion.com.ar\/diario\/wp-content\/uploads\/2026\/03\/ALE-PERTU-2026-.jpg\" alt=\"Hacia un Concejo m\u00e1s austero: Pertusati destac\u00f3 el car\u00e1cter hist\u00f3rico de la reducci\u00f3n de bancas en Armstrong.\" \/><\/a>\n\t\t\t\t   <\/article>\n\t\t\t\t <\/li>\n\t\t\t\t \t\t\t\t  <li>\n\t\t\t\t   <article> \n\t\t\t\t\t\t<div class=\"slider_title\">\n\t\t\t\t\t\t\t\t<div class=\"prl-article-meta\">\n\t\t<span>abril 30, 2026<\/span>\t\t\t\t<span><a href=\"https:\/\/armstrongyregion.com.ar\/diario\/armstrong-sorteo-tombola-bomberos-voluntarios-29-04-2026\/#respond\" class=\"comments-link\" >0 comments<\/a><\/span> \t\t \n\t<\/div>\n\t\t\t\t\t\t\t<h2><a href=\"https:\/\/armstrongyregion.com.ar\/diario\/armstrong-sorteo-tombola-bomberos-voluntarios-29-04-2026\/\" title=\"Armstrong. Sorteo T\u00f3mbola Bomberos Voluntarios 29\/04\/2026\">Armstrong. Sorteo T\u00f3mbola Bomberos Voluntarios 29\/04\/2026<\/a>  <\/h2>\n\t\t\t\t\t\t<\/div>\n\t\t\t\t\t   <a href=\"https:\/\/armstrongyregion.com.ar\/diario\/armstrong-sorteo-tombola-bomberos-voluntarios-29-04-2026\/\" title=\"Armstrong. Sorteo T\u00f3mbola Bomberos Voluntarios 29\/04\/2026\" rel=\"bookmark\"><img loading=\"lazy\" decoding=\"async\" width=\"550\" height=\"368\" src=\"https:\/\/armstrongyregion.com.ar\/diario\/wp-content\/uploads\/2023\/10\/tombola-ok.jpg\" alt=\"Armstrong. Sorteo T\u00f3mbola Bomberos Voluntarios 29\/04\/2026\" \/><\/a>\n\t\t\t\t   <\/article>\n\t\t\t\t <\/li>\n\t\t\t\t \t\t\t\t  <li>\n\t\t\t\t   <article> \n\t\t\t\t\t\t<div class=\"slider_title\">\n\t\t\t\t\t\t\t\t<div class=\"prl-article-meta\">\n\t\t<span>abril 29, 2026<\/span>\t\t\t\t<span><a href=\"https:\/\/armstrongyregion.com.ar\/diario\/armstrong-convocatoria-a-asamblea-general-ordinaria\/#respond\" class=\"comments-link\" >0 comments<\/a><\/span> \t\t \n\t<\/div>\n\t\t\t\t\t\t\t<h2><a href=\"https:\/\/armstrongyregion.com.ar\/diario\/armstrong-convocatoria-a-asamblea-general-ordinaria\/\" title=\"Armstrong. Convocatoria a Asamblea General Ordinaria.\">Armstrong. Convocatoria a Asamblea General Ordinaria.<\/a>  <\/h2>\n\t\t\t\t\t\t<\/div>\n\t\t\t\t\t   <a href=\"https:\/\/armstrongyregion.com.ar\/diario\/armstrong-convocatoria-a-asamblea-general-ordinaria\/\" title=\"Armstrong. Convocatoria a Asamblea General Ordinaria.\" rel=\"bookmark\"><img loading=\"lazy\" decoding=\"async\" width=\"550\" height=\"368\" src=\"https:\/\/armstrongyregion.com.ar\/diario\/wp-content\/uploads\/2026\/04\/spagnolo-imagen-.jpg\" alt=\"Armstrong. Convocatoria a Asamblea General Ordinaria.\" \/><\/a>\n\t\t\t\t   <\/article>\n\t\t\t\t <\/li>\n\t\t\t\t \t\n\t\t\t\t \n\t\t\t\t<\/ul>\n\t\t\n\t\t\t\t\n\t\t\t\t<script type=\"text\/javascript\">\n\t\t\t\t\tvar $ = jQuery.noConflict();\n\t\t\t\t\t$(document).ready(function() { \n\t\t\t\t\t\t$('#mainFlexslider').flexslider({\n\t\t\t\t\t\t\tanimation: \"fade\",\n\t\t\t\t\t\t\tmanualControls: \"#main-slider-control-nav li\"\n\t\t\t\t\t\t});\n\t\t\t\t\t});\n\t\t\t\t<\/script>\n\t\t\t\n\t\t\t<\/div>\n\t\t\t<div class=\"slider_tabs\">\n\t\t\t\t<ul class=\"tabs\" id=\"main-slider-control-nav\">\n\t\t\t\t\t<li><div class=\"tab_content\"><a href=\"https:\/\/armstrongyregion.com.ar\/diario\/emiliano-gramigna-la-reduccion-de-bancas-es-el-punto-final-a-un-proceso-de-optimizacion-del-concejo\/\" title=\"Emiliano Gramigna: \u201cLa reducci\u00f3n de bancas es el punto final a un proceso de optimizaci\u00f3n del Concejo\u201d\" rel=\"bookmark\">Emiliano Gramigna: \u201cLa reducci\u00f3n de bancas es el punto final a un proceso de optimizaci\u00f3n del Concejo\u201d<\/a><\/div><\/li><li><div class=\"tab_content\"><a href=\"https:\/\/armstrongyregion.com.ar\/diario\/inclusion-real-el-concejal-rodrigo-migliozzi-impulsa-un-programa-de-acompanamiento-laboral-para-personas-con-discapacidad\/\" title=\"Inclusi\u00f3n real: El concejal Rodrigo Migliozzi impulsa un programa de acompa\u00f1amiento laboral para personas con discapacidad.\" rel=\"bookmark\">Inclusi\u00f3n real: El concejal Rodrigo Migliozzi impulsa un programa de acompa\u00f1amiento laboral para personas con discapacidad.<\/a><\/div><\/li><li><div class=\"tab_content\"><a href=\"https:\/\/armstrongyregion.com.ar\/diario\/hacia-un-concejo-mas-austero-pertusati-destaco-el-caracter-historico-de-la-reduccion-de-bancas-en-armstrong\/\" title=\"Hacia un Concejo m\u00e1s austero: Pertusati destac\u00f3 el car\u00e1cter hist\u00f3rico de la reducci\u00f3n de bancas en Armstrong.\" rel=\"bookmark\">Hacia un Concejo m\u00e1s austero: Pertusati destac\u00f3 el car\u00e1cter hist\u00f3rico de la reducci\u00f3n de bancas en Armstrong.<\/a><\/div><\/li><li><div class=\"tab_content\"><a href=\"https:\/\/armstrongyregion.com.ar\/diario\/armstrong-sorteo-tombola-bomberos-voluntarios-29-04-2026\/\" title=\"Armstrong. Sorteo T\u00f3mbola Bomberos Voluntarios 29\/04\/2026\" rel=\"bookmark\">Armstrong. Sorteo T\u00f3mbola Bomberos Voluntarios 29\/04\/2026<\/a><\/div><\/li><li><div class=\"tab_content\"><a href=\"https:\/\/armstrongyregion.com.ar\/diario\/armstrong-convocatoria-a-asamblea-general-ordinaria\/\" title=\"Armstrong. Convocatoria a Asamblea General Ordinaria.\" rel=\"bookmark\">Armstrong. Convocatoria a Asamblea General Ordinaria.<\/a><\/div><\/li>\t\t\t\t<\/ul>\n\t\t\t<\/div>\n\t\t\t<div class=\"clear\"><\/div>\n\t\t<\/div>\n\t\t\n\t\t<\/div><div class=\"prl-span-12 prl-panel clearfix\">\t\n\n\t\t\t\t\t\t<h5 class=\"prl-block-title\"><\/h5>\t\n\t\t\t\t\t\t\n\t\t\t<div class=\"prl-grid prl-grid-divider prl-homestyle-left\">\n\t\t\t\t\t\t\t\t\t\t\t\t<div class=\"prl-span-8 prl-span-left\">\t\t\t\t<article class=\"prl-article\">\n\t\t\t\t\t<a class=\"prl-thumbnail\" href=\"https:\/\/armstrongyregion.com.ar\/diario\/emiliano-gramigna-la-reduccion-de-bancas-es-el-punto-final-a-un-proceso-de-optimizacion-del-concejo\/\" title=\"Emiliano Gramigna: \u201cLa reducci\u00f3n de bancas es el punto final a un proceso de optimizaci\u00f3n del Concejo\u201d\"><span class=\"prl-overlay\"><img decoding=\"async\" src=\"https:\/\/armstrongyregion.com.ar\/diario\/wp-content\/uploads\/2026\/03\/EMILIANO-GRAMIGNA-2026--520x360.jpg\" alt=\"Emiliano Gramigna: \u201cLa reducci\u00f3n de bancas es el punto final a un proceso de optimizaci\u00f3n del Concejo\u201d\"><span class=\"prl-overlay-area o-\"><\/span><\/span><\/a>\t\t\t\t\t<h2 class=\"prl-article-title\"><a href=\"https:\/\/armstrongyregion.com.ar\/diario\/emiliano-gramigna-la-reduccion-de-bancas-es-el-punto-final-a-un-proceso-de-optimizacion-del-concejo\/\" title=\"Emiliano Gramigna: \u201cLa reducci\u00f3n de bancas es el punto final a un proceso de optimizaci\u00f3n del Concejo\u201d\">Emiliano Gramigna: \u201cLa reducci\u00f3n de bancas es el punto final a un proceso de optimizaci\u00f3n del Concejo\u201d<\/a>  <\/h2> \n\t\t\t\t\t\t<div class=\"prl-article-meta\">\n\t\t<span>abril 30, 2026<\/span>\t\t\t\t<span><a href=\"https:\/\/armstrongyregion.com.ar\/diario\/emiliano-gramigna-la-reduccion-de-bancas-es-el-punto-final-a-un-proceso-de-optimizacion-del-concejo\/#respond\" class=\"comments-link\" >0 comments<\/a><\/span> \t\t \n\t<\/div>\n \n\t\t\t\t\t<p>El edil de la oposici\u00f3n se refiri\u00f3 al proyecto del Ejecutivo para que el cuerpo ...<\/p>   \n\t\t\t\t<\/article>\n\t\t\t\t<hr class=\"prl-article-divider\">\n\t\t\t\t<ul class=\"prl-list prl-list-line prl-list-arrow\">\n\t\t\t\t\t\n\t\t\t\t\t\t\t\t\t\t\t\t\t<li><h4><a href=\"https:\/\/armstrongyregion.com.ar\/diario\/inclusion-real-el-concejal-rodrigo-migliozzi-impulsa-un-programa-de-acompanamiento-laboral-para-personas-con-discapacidad\/\" title=\"Inclusi\u00f3n real: El concejal Rodrigo Migliozzi impulsa un programa de acompa\u00f1amiento laboral para personas con discapacidad.\">Inclusi\u00f3n real: El concejal Rodrigo Migliozzi impulsa un programa de acompa\u00f1amiento laboral para personas con discapacidad.<\/a>  <\/h4><\/li>\n\t\t\t\t\t\n\t\t\t\t\t\t\t\t\t\t\t\t\t<li><h4><a href=\"https:\/\/armstrongyregion.com.ar\/diario\/hacia-un-concejo-mas-austero-pertusati-destaco-el-caracter-historico-de-la-reduccion-de-bancas-en-armstrong\/\" title=\"Hacia un Concejo m\u00e1s austero: Pertusati destac\u00f3 el car\u00e1cter hist\u00f3rico de la reducci\u00f3n de bancas en Armstrong.\">Hacia un Concejo m\u00e1s austero: Pertusati destac\u00f3 el car\u00e1cter hist\u00f3rico de la reducci\u00f3n de bancas en Armstrong.<\/a>  <\/h4><\/li>\n\t\t\t\t\t\n\t\t\t\t\t\t\t\t\t\t\t\t\t<li><h4><a href=\"https:\/\/armstrongyregion.com.ar\/diario\/armstrong-sorteo-tombola-bomberos-voluntarios-29-04-2026\/\" title=\"Armstrong. Sorteo T\u00f3mbola Bomberos Voluntarios 29\/04\/2026\">Armstrong. Sorteo T\u00f3mbola Bomberos Voluntarios 29\/04\/2026<\/a>  <\/h4><\/li>\n\t\t\t\t\t\n\t\t\t\t\t\t\t\t\t\t\t\t\t<li><h4><a href=\"https:\/\/armstrongyregion.com.ar\/diario\/armstrong-convocatoria-a-asamblea-general-ordinaria\/\" title=\"Armstrong. Convocatoria a Asamblea General Ordinaria.\">Armstrong. Convocatoria a Asamblea General Ordinaria.<\/a>  <\/h4><\/li>\n\t\t\t\t\t\n\t\t\t\t\t\t\t\t\t\t\t\t<\/ul><\/div><div class=\"prl-span-4 prl-span-right\">\t\n\t\t\t\t\t<article class=\"prl-article prl-panel\">\n\t\t\t\t\t\t<a class=\"prl-thumbnail\" href=\"https:\/\/armstrongyregion.com.ar\/diario\/el-gobierno-de-pullaro-lanza-un-plan-para-desendeudar-a-trabajadores-privados-y-publicos\/\" title=\"El gobierno de Pullaro lanza un plan para desendeudar a trabajadores privados y p\u00fablicos.\"><span class=\"prl-overlay\"><img decoding=\"async\" src=\"https:\/\/armstrongyregion.com.ar\/diario\/wp-content\/uploads\/2026\/04\/PULLARO-29-4-26--520x360.jpg\" alt=\"El gobierno de Pullaro lanza un plan para desendeudar a trabajadores privados y p\u00fablicos.\"><span class=\"prl-overlay-area o-\"><\/span><\/span><\/a>\t\t\t\t\t\t<h3 class=\"prl-article-title\"><a href=\"https:\/\/armstrongyregion.com.ar\/diario\/el-gobierno-de-pullaro-lanza-un-plan-para-desendeudar-a-trabajadores-privados-y-publicos\/\" title=\"El gobierno de Pullaro lanza un plan para desendeudar a trabajadores privados y p\u00fablicos.\">El gobierno de Pullaro lanza un plan para desendeudar a trabajadores privados y p\u00fablicos.<\/a>  <\/h3> \n\t\t\t\t\t\t\t<div class=\"prl-article-meta\">\n\t\t<span>abril 29, 2026<\/span>\t\t\t\t<span><a href=\"https:\/\/armstrongyregion.com.ar\/diario\/el-gobierno-de-pullaro-lanza-un-plan-para-desendeudar-a-trabajadores-privados-y-publicos\/#respond\" class=\"comments-link\" >0 comments<\/a><\/span> \t\t \n\t<\/div>\n    \n\t\t\t\t\t\t<p>La medida apunta a mitigar el impacto del parate econ\u00f3mico sobre los empleados del sector ...<\/p>\n\t\t\t\t\t<\/article>\n\t\t\t\t\t\n\t\t\t\t\t\t\t\t\t\t\t\t\t\n\t\t\t\t\t<article class=\"prl-article prl-panel\">\n\t\t\t\t\t\t<a class=\"prl-thumbnail\" href=\"https:\/\/armstrongyregion.com.ar\/diario\/bouquet-inauguro-nuevos-cursos-de-oficio-para-fortalecer-la-capacitacion-y-el-empleo\/\" title=\"Bouquet inaugur\u00f3 nuevos cursos de oficio para fortalecer la capacitaci\u00f3n y el empleo.\"><span class=\"prl-overlay\"><img decoding=\"async\" src=\"https:\/\/armstrongyregion.com.ar\/diario\/wp-content\/uploads\/2026\/04\/BOUQUET--520x360.jpg\" alt=\"Bouquet inaugur\u00f3 nuevos cursos de oficio para fortalecer la capacitaci\u00f3n y el empleo.\"><span class=\"prl-overlay-area o-\"><\/span><\/span><\/a>\t\t\t\t\t\t<h3 class=\"prl-article-title\"><a href=\"https:\/\/armstrongyregion.com.ar\/diario\/bouquet-inauguro-nuevos-cursos-de-oficio-para-fortalecer-la-capacitacion-y-el-empleo\/\" title=\"Bouquet inaugur\u00f3 nuevos cursos de oficio para fortalecer la capacitaci\u00f3n y el empleo.\">Bouquet inaugur\u00f3 nuevos cursos de oficio para fortalecer la capacitaci\u00f3n y el empleo.<\/a>  <\/h3> \n\t\t\t\t\t\t\t<div class=\"prl-article-meta\">\n\t\t<span>abril 29, 2026<\/span>\t\t\t\t<span><a href=\"https:\/\/armstrongyregion.com.ar\/diario\/bouquet-inauguro-nuevos-cursos-de-oficio-para-fortalecer-la-capacitacion-y-el-empleo\/#respond\" class=\"comments-link\" >0 comments<\/a><\/span> \t\t \n\t<\/div>\n    \n\t\t\t\t\t\t<p>En la localidad de Bouquet se llev\u00f3 a cabo la inauguraci\u00f3n de nuevos cursos de ...<\/p>\n\t\t\t\t\t<\/article>\n\t\t\t\t\t\n\t\t\t\t\t\t\t\t<\/div>\t\t\t<\/div>\n  \n\t\t\n\t\t\n\t\t<\/div><div class=\"prl-span-12 prl-panel clearfix\">\t\t\t\n\t\t<div class=\"prl-grid prl-grid-divider\">\n\t\t\t\t\t\t <!--<div class=\"prl-span-4\">-->\n\t\t\t <div id=\"post-48477\" class=\"prl-span-4 post-48477 post type-post status-publish format-image has-post-thumbnail hentry category-cultura-entretenimiento category-deliberando category-diario-armstrong category-locales category-politica category-region tag-armstrong tag-bancas tag-concejo-deliberante tag-diario-armstrong tag-emiliano-gramigna tag-proceso-2 tag-punto-final post_format-post-format-image\">\n\t\t\t \t\t\t\n\t\t\n\t\t\t\t<article class=\"prl-article\">\n\t\t\t\t\t<div class=\"cat-thumbnail\"><a class=\"prl-thumbnail\" href=\"https:\/\/armstrongyregion.com.ar\/diario\/emiliano-gramigna-la-reduccion-de-bancas-es-el-punto-final-a-un-proceso-de-optimizacion-del-concejo\/\" title=\"Emiliano Gramigna: \u201cLa reducci\u00f3n de bancas es el punto final a un proceso de optimizaci\u00f3n del Concejo\u201d\"><span class=\"prl-overlay\"><img decoding=\"async\" src=\"https:\/\/armstrongyregion.com.ar\/diario\/wp-content\/uploads\/2026\/03\/EMILIANO-GRAMIGNA-2026--520x360.jpg\" alt=\"Emiliano Gramigna: \u201cLa reducci\u00f3n de bancas es el punto final a un proceso de optimizaci\u00f3n del Concejo\u201d\"><span class=\"prl-overlay-area o-\"><\/span><\/span><\/a><\/div>\n\t\t\t\t\t<h2 class=\"prl-article-title\"><a href=\"https:\/\/armstrongyregion.com.ar\/diario\/emiliano-gramigna-la-reduccion-de-bancas-es-el-punto-final-a-un-proceso-de-optimizacion-del-concejo\/\" rel=\"bookmark\" title=\"Emiliano Gramigna: \u201cLa reducci\u00f3n de bancas es el punto final a un proceso de optimizaci\u00f3n del Concejo\u201d\">Emiliano Gramigna: \u201cLa reducci\u00f3n de bancas es el punto final a un proceso de optimizaci\u00f3n del Concejo\u201d<\/a>  <\/h2>\t\t\t\t\t\t\t\t\t\t<p>El edil de la oposici\u00f3n se refiri\u00f3 al proyecto del Ejecutivo para que el cuerpo ...<\/p>\t\t\t\t\t\n\t\t\t\t<\/article>\n\t\t\t<\/div>\n\t\t\t\t\t\t <!--<div class=\"prl-span-4\">-->\n\t\t\t <div id=\"post-48475\" class=\"prl-span-4 post-48475 post type-post status-publish format-image has-post-thumbnail hentry category-deliberando category-diario-armstrong category-locales category-politica category-region tag-acompanamiento-laboral tag-concejal-rodrigo-migliozzi tag-diario-armstrong tag-inclusion-real tag-personas-con-discapacidad post_format-post-format-image\">\n\t\t\t \t\t\t\n\t\t\n\t\t\t\t<article class=\"prl-article\">\n\t\t\t\t\t<div class=\"cat-thumbnail\"><a class=\"prl-thumbnail\" href=\"https:\/\/armstrongyregion.com.ar\/diario\/inclusion-real-el-concejal-rodrigo-migliozzi-impulsa-un-programa-de-acompanamiento-laboral-para-personas-con-discapacidad\/\" title=\"Inclusi\u00f3n real: El concejal Rodrigo Migliozzi impulsa un programa de acompa\u00f1amiento laboral para personas con discapacidad.\"><span class=\"prl-overlay\"><img decoding=\"async\" src=\"https:\/\/armstrongyregion.com.ar\/diario\/wp-content\/uploads\/2026\/03\/RODRIGO-MIGLIOZZI-26--520x360.jpg\" alt=\"Inclusi\u00f3n real: El concejal Rodrigo Migliozzi impulsa un programa de acompa\u00f1amiento laboral para personas con discapacidad.\"><span class=\"prl-overlay-area o-\"><\/span><\/span><\/a><\/div>\n\t\t\t\t\t<h2 class=\"prl-article-title\"><a href=\"https:\/\/armstrongyregion.com.ar\/diario\/inclusion-real-el-concejal-rodrigo-migliozzi-impulsa-un-programa-de-acompanamiento-laboral-para-personas-con-discapacidad\/\" rel=\"bookmark\" title=\"Inclusi\u00f3n real: El concejal Rodrigo Migliozzi impulsa un programa de acompa\u00f1amiento laboral para personas con discapacidad.\">Inclusi\u00f3n real: El concejal Rodrigo Migliozzi impulsa un programa de acompa\u00f1amiento laboral para personas con discapacidad.<\/a>  <\/h2>\t\t\t\t\t\t\t\t\t\t<p>A trav\u00e9s de una minuta de comunicaci\u00f3n, el edil del bloque Unidos present\u00f3 las bases ...<\/p>\t\t\t\t\t\n\t\t\t\t<\/article>\n\t\t\t<\/div>\n\t\t\t\t\t\t <!--<div class=\"prl-span-4\">-->\n\t\t\t <div id=\"post-48473\" class=\"prl-span-4 post-48473 post type-post status-publish format-image has-post-thumbnail hentry category-deliberando category-diario-armstrong category-locales category-politica category-region tag-armstrong tag-concejo-austero tag-diario-armstrong tag-prof-alejandro-pertusati tag-reduccion-de-bancas post_format-post-format-image\">\n\t\t\t \t\t\t\n\t\t\n\t\t\t\t<article class=\"prl-article\">\n\t\t\t\t\t<div class=\"cat-thumbnail\"><a class=\"prl-thumbnail\" href=\"https:\/\/armstrongyregion.com.ar\/diario\/hacia-un-concejo-mas-austero-pertusati-destaco-el-caracter-historico-de-la-reduccion-de-bancas-en-armstrong\/\" title=\"Hacia un Concejo m\u00e1s austero: Pertusati destac\u00f3 el car\u00e1cter hist\u00f3rico de la reducci\u00f3n de bancas en Armstrong.\"><span class=\"prl-overlay\"><img decoding=\"async\" src=\"https:\/\/armstrongyregion.com.ar\/diario\/wp-content\/uploads\/2026\/03\/ALE-PERTU-2026-.jpg\" alt=\"Hacia un Concejo m\u00e1s austero: Pertusati destac\u00f3 el car\u00e1cter hist\u00f3rico de la reducci\u00f3n de bancas en Armstrong.\"><span class=\"prl-overlay-area o-\"><\/span><\/span><\/a><\/div>\n\t\t\t\t\t<h2 class=\"prl-article-title\"><a href=\"https:\/\/armstrongyregion.com.ar\/diario\/hacia-un-concejo-mas-austero-pertusati-destaco-el-caracter-historico-de-la-reduccion-de-bancas-en-armstrong\/\" rel=\"bookmark\" title=\"Hacia un Concejo m\u00e1s austero: Pertusati destac\u00f3 el car\u00e1cter hist\u00f3rico de la reducci\u00f3n de bancas en Armstrong.\">Hacia un Concejo m\u00e1s austero: Pertusati destac\u00f3 el car\u00e1cter hist\u00f3rico de la reducci\u00f3n de bancas en Armstrong.<\/a>  <\/h2>\t\t\t\t\t\t\t\t\t\t<p>Tras la sesi\u00f3n del martes, el presidente del cuerpo legislativo, Prof. Alejandro Pertusati, se refiri\u00f3 ...<\/p>\t\t\t\t\t\n\t\t\t\t<\/article>\n\t\t\t<\/div>\n\t\t\t<\/div> <hr class=\"prl-grid-divider\"><div class=\"prl-grid prl-grid-divider\">\t\t\t <!--<div class=\"prl-span-4\">-->\n\t\t\t <div id=\"post-48471\" class=\"prl-span-4 post-48471 post type-post status-publish format-image has-post-thumbnail hentry category-deliberando category-diario-armstrong category-locales category-politica category-region tag-armstrong tag-bomberos-voluntarios tag-diario-armstrong tag-sorteo tag-tombola post_format-post-format-image\">\n\t\t\t \t\t\t\n\t\t\n\t\t\t\t<article class=\"prl-article\">\n\t\t\t\t\t<div class=\"cat-thumbnail\"><a class=\"prl-thumbnail\" href=\"https:\/\/armstrongyregion.com.ar\/diario\/armstrong-sorteo-tombola-bomberos-voluntarios-29-04-2026\/\" title=\"Armstrong. Sorteo T\u00f3mbola Bomberos Voluntarios 29\/04\/2026\"><span class=\"prl-overlay\"><img decoding=\"async\" src=\"https:\/\/armstrongyregion.com.ar\/diario\/wp-content\/uploads\/2023\/10\/tombola-ok.jpg\" alt=\"Armstrong. Sorteo T\u00f3mbola Bomberos Voluntarios 29\/04\/2026\"><span class=\"prl-overlay-area o-\"><\/span><\/span><\/a><\/div>\n\t\t\t\t\t<h2 class=\"prl-article-title\"><a href=\"https:\/\/armstrongyregion.com.ar\/diario\/armstrong-sorteo-tombola-bomberos-voluntarios-29-04-2026\/\" rel=\"bookmark\" title=\"Armstrong. Sorteo T\u00f3mbola Bomberos Voluntarios 29\/04\/2026\">Armstrong. Sorteo T\u00f3mbola Bomberos Voluntarios 29\/04\/2026<\/a>  <\/h2>\t\t\t\t\t\t\t\t\t\t<p>Sorteo N\u00b0 801Ganadores:Cuaterno: $ 40.000: Mariana BianciottoQuintina: $ 55.000: N\u00e9lida SantilliT\u00f3mbola: $ 250.000: VacanteSale o ...<\/p>\t\t\t\t\t\n\t\t\t\t<\/article>\n\t\t\t<\/div>\n\t\t\t\t\t\t <!--<div class=\"prl-span-4\">-->\n\t\t\t <div id=\"post-48468\" class=\"prl-span-4 post-48468 post type-post status-publish format-image has-post-thumbnail hentry category-cultura-entretenimiento category-deliberando category-diario-armstrong category-locales category-politica category-region tag-campo-juan-bautista-spagnolo tag-armstrong tag-asamblea-ordinaria tag-diario-armstrong tag-escuela-campo-spagnolo tag-escuela-no-635 post_format-post-format-image\">\n\t\t\t \t\t\t\n\t\t\n\t\t\t\t<article class=\"prl-article\">\n\t\t\t\t\t<div class=\"cat-thumbnail\"><a class=\"prl-thumbnail\" href=\"https:\/\/armstrongyregion.com.ar\/diario\/armstrong-convocatoria-a-asamblea-general-ordinaria\/\" title=\"Armstrong. Convocatoria a Asamblea General Ordinaria.\"><span class=\"prl-overlay\"><img decoding=\"async\" src=\"https:\/\/armstrongyregion.com.ar\/diario\/wp-content\/uploads\/2026\/04\/spagnolo-imagen--520x360.jpg\" alt=\"Armstrong. Convocatoria a Asamblea General Ordinaria.\"><span class=\"prl-overlay-area o-\"><\/span><\/span><\/a><\/div>\n\t\t\t\t\t<h2 class=\"prl-article-title\"><a href=\"https:\/\/armstrongyregion.com.ar\/diario\/armstrong-convocatoria-a-asamblea-general-ordinaria\/\" rel=\"bookmark\" title=\"Armstrong. Convocatoria a Asamblea General Ordinaria.\">Armstrong. Convocatoria a Asamblea General Ordinaria.<\/a>  <\/h2>\t\t\t\t\t\t\t\t\t\t<p>La Comisi\u00f3n Directiva de la Asociaci\u00f3n Cooperadora de la Escuela N\u00ba 635 \u201cCampo Juan Bautista ...<\/p>\t\t\t\t\t\n\t\t\t\t<\/article>\n\t\t\t<\/div>\n\t\t\t\t\t\t <!--<div class=\"prl-span-4\">-->\n\t\t\t <div id=\"post-48465\" class=\"prl-span-4 post-48465 post type-post status-publish format-image has-post-thumbnail hentry category-cultura-entretenimiento category-deliberando category-diario-armstrong category-locales category-politica category-region tag-armstrong tag-desendeudar tag-diario-armstrong tag-plan tag-privados tag-publicos-2 tag-pullaro tag-trabajadores-2 post_format-post-format-image\">\n\t\t\t \t\t\t\n\t\t\n\t\t\t\t<article class=\"prl-article\">\n\t\t\t\t\t<div class=\"cat-thumbnail\"><a class=\"prl-thumbnail\" href=\"https:\/\/armstrongyregion.com.ar\/diario\/el-gobierno-de-pullaro-lanza-un-plan-para-desendeudar-a-trabajadores-privados-y-publicos\/\" title=\"El gobierno de Pullaro lanza un plan para desendeudar a trabajadores privados y p\u00fablicos.\"><span class=\"prl-overlay\"><img decoding=\"async\" src=\"https:\/\/armstrongyregion.com.ar\/diario\/wp-content\/uploads\/2026\/04\/PULLARO-29-4-26--520x360.jpg\" alt=\"El gobierno de Pullaro lanza un plan para desendeudar a trabajadores privados y p\u00fablicos.\"><span class=\"prl-overlay-area o-\"><\/span><\/span><\/a><\/div>\n\t\t\t\t\t<h2 class=\"prl-article-title\"><a href=\"https:\/\/armstrongyregion.com.ar\/diario\/el-gobierno-de-pullaro-lanza-un-plan-para-desendeudar-a-trabajadores-privados-y-publicos\/\" rel=\"bookmark\" title=\"El gobierno de Pullaro lanza un plan para desendeudar a trabajadores privados y p\u00fablicos.\">El gobierno de Pullaro lanza un plan para desendeudar a trabajadores privados y p\u00fablicos.<\/a>  <\/h2>\t\t\t\t\t\t\t\t\t\t<p>La medida apunta a mitigar el impacto del parate econ\u00f3mico sobre los empleados del sector ...<\/p>\t\t\t\t\t\n\t\t\t\t<\/article>\n\t\t\t<\/div>\n\t\t\t<\/div> <hr class=\"prl-grid-divider\"><div class=\"prl-grid prl-grid-divider\">\t\t\t <!--<div class=\"prl-span-4\">-->\n\t\t\t <div id=\"post-48461\" class=\"prl-span-4 post-48461 post type-post status-publish format-image has-post-thumbnail hentry category-cultura-entretenimiento category-deliberando category-diario-armstrong category-locales category-politica category-region tag-bouquet-2 tag-capacitacion tag-diario-armstrong tag-empleo tag-fortalecer tag-inauguro tag-oficio post_format-post-format-image\">\n\t\t\t \t\t\t\n\t\t\n\t\t\t\t<article class=\"prl-article\">\n\t\t\t\t\t<div class=\"cat-thumbnail\"><a class=\"prl-thumbnail\" href=\"https:\/\/armstrongyregion.com.ar\/diario\/bouquet-inauguro-nuevos-cursos-de-oficio-para-fortalecer-la-capacitacion-y-el-empleo\/\" title=\"Bouquet inaugur\u00f3 nuevos cursos de oficio para fortalecer la capacitaci\u00f3n y el empleo.\"><span class=\"prl-overlay\"><img decoding=\"async\" src=\"https:\/\/armstrongyregion.com.ar\/diario\/wp-content\/uploads\/2026\/04\/BOUQUET--520x360.jpg\" alt=\"Bouquet inaugur\u00f3 nuevos cursos de oficio para fortalecer la capacitaci\u00f3n y el empleo.\"><span class=\"prl-overlay-area o-\"><\/span><\/span><\/a><\/div>\n\t\t\t\t\t<h2 class=\"prl-article-title\"><a href=\"https:\/\/armstrongyregion.com.ar\/diario\/bouquet-inauguro-nuevos-cursos-de-oficio-para-fortalecer-la-capacitacion-y-el-empleo\/\" rel=\"bookmark\" title=\"Bouquet inaugur\u00f3 nuevos cursos de oficio para fortalecer la capacitaci\u00f3n y el empleo.\">Bouquet inaugur\u00f3 nuevos cursos de oficio para fortalecer la capacitaci\u00f3n y el empleo.<\/a>  <\/h2>\t\t\t\t\t\t\t\t\t\t<p>En la localidad de Bouquet se llev\u00f3 a cabo la inauguraci\u00f3n de nuevos cursos de ...<\/p>\t\t\t\t\t\n\t\t\t\t<\/article>\n\t\t\t<\/div>\n\t\t\t\t\t\t <!--<div class=\"prl-span-4\">-->\n\t\t\t <div id=\"post-48458\" class=\"prl-span-4 post-48458 post type-post status-publish format-image has-post-thumbnail hentry category-cultura-entretenimiento category-deliberando category-diario-armstrong category-locales category-policiales category-politica category-region tag-45-anos tag-abuso-sexual tag-ambito-intrafamiliar tag-armstrong tag-diario-armstrong tag-hombre-detenido post_format-post-format-image\">\n\t\t\t \t\t\t\n\t\t\n\t\t\t\t<article class=\"prl-article\">\n\t\t\t\t\t<div class=\"cat-thumbnail\"><a class=\"prl-thumbnail\" href=\"https:\/\/armstrongyregion.com.ar\/diario\/detuvieron-a-un-hombre-de-45-anos-de-edad-en-armstrong-acusado-de-abuso-sexual-agravado-en-el-ambito-intrafamiliar\/\" title=\"Detuvieron a un hombre de 45 a\u00f1os de edad en Armstrong acusado de abuso sexual agravado en el \u00e1mbito intrafamiliar.\"><span class=\"prl-overlay\"><img decoding=\"async\" src=\"https:\/\/armstrongyregion.com.ar\/diario\/wp-content\/uploads\/2026\/04\/PDI-520x360.jpg\" alt=\"Detuvieron a un hombre de 45 a\u00f1os de edad en Armstrong acusado de abuso sexual agravado en el \u00e1mbito intrafamiliar.\"><span class=\"prl-overlay-area o-\"><\/span><\/span><\/a><\/div>\n\t\t\t\t\t<h2 class=\"prl-article-title\"><a href=\"https:\/\/armstrongyregion.com.ar\/diario\/detuvieron-a-un-hombre-de-45-anos-de-edad-en-armstrong-acusado-de-abuso-sexual-agravado-en-el-ambito-intrafamiliar\/\" rel=\"bookmark\" title=\"Detuvieron a un hombre de 45 a\u00f1os de edad en Armstrong acusado de abuso sexual agravado en el \u00e1mbito intrafamiliar.\">Detuvieron a un hombre de 45 a\u00f1os de edad en Armstrong acusado de abuso sexual agravado en el \u00e1mbito intrafamiliar.<\/a>  <\/h2>\t\t\t\t\t\t\t\t\t\t<p>El procedimiento fue llevado adelante por la PDI tras una denuncia radicada el 18 de ...<\/p>\t\t\t\t\t\n\t\t\t\t<\/article>\n\t\t\t<\/div>\n\t\t\t\t\t\t <!--<div class=\"prl-span-4\">-->\n\t\t\t <div id=\"post-48454\" class=\"prl-span-4 post-48454 post type-post status-publish format-image has-post-thumbnail hentry category-deliberando category-diario-armstrong category-locales category-politica category-region tag-asamblea tag-cooperativa-local tag-diario-armstrong tag-general tag-nuevas-autoridades tag-ordinaria-2 post_format-post-format-image\">\n\t\t\t \t\t\t\n\t\t\n\t\t\t\t<article class=\"prl-article\">\n\t\t\t\t\t<div class=\"cat-thumbnail\"><a class=\"prl-thumbnail\" href=\"https:\/\/armstrongyregion.com.ar\/diario\/tras-la-asamblea-general-ordinaria-quedaron-proclamadas-las-nuevas-autoridades-de-la-cooperativa-local\/\" title=\"Tras la Asamblea General Ordinaria, quedaron proclamadas las nuevas autoridades de la Cooperativa local.\"><span class=\"prl-overlay\"><img decoding=\"async\" src=\"https:\/\/armstrongyregion.com.ar\/diario\/wp-content\/uploads\/2016\/03\/cooperativa-electrica-520x360.jpg\" alt=\"Tras la Asamblea General Ordinaria, quedaron proclamadas las nuevas autoridades de la Cooperativa local.\"><span class=\"prl-overlay-area o-\"><\/span><\/span><\/a><\/div>\n\t\t\t\t\t<h2 class=\"prl-article-title\"><a href=\"https:\/\/armstrongyregion.com.ar\/diario\/tras-la-asamblea-general-ordinaria-quedaron-proclamadas-las-nuevas-autoridades-de-la-cooperativa-local\/\" rel=\"bookmark\" title=\"Tras la Asamblea General Ordinaria, quedaron proclamadas las nuevas autoridades de la Cooperativa local.\">Tras la Asamblea General Ordinaria, quedaron proclamadas las nuevas autoridades de la Cooperativa local.<\/a>  <\/h2>\t\t\t\t\t\t\t\t\t\t<p>La Cooperativa de Provisi\u00f3n de Obras y Servicios P\u00fablicos de Armstrong Limitada inform\u00f3 a sus ...<\/p>\t\t\t\t\t\n\t\t\t\t<\/article>\n\t\t\t<\/div>\n\t\t\t<\/div> <hr class=\"prl-grid-divider\"><div class=\"prl-grid prl-grid-divider\">\t\t\t <!--<div class=\"prl-span-4\">-->\n\t\t\t <div id=\"post-48451\" class=\"prl-span-4 post-48451 post type-post status-publish format-image has-post-thumbnail hentry category-cultura-entretenimiento category-deliberando category-diario-armstrong category-locales category-politica category-region tag-armstrong tag-daniela-perez tag-deliberando-2 tag-diario-armstrong tag-educacion-3 tag-futuro tag-martes-22hs tag-secretaria-de-gobierno tag-seguridad-2 post_format-post-format-image\">\n\t\t\t \t\t\t\n\t\t\n\t\t\t\t<article class=\"prl-article\">\n\t\t\t\t\t<div class=\"cat-thumbnail\"><a class=\"prl-thumbnail\" href=\"https:\/\/armstrongyregion.com.ar\/diario\/seguridad-educacion-y-el-futuro-de-armstrong-mano-a-mano-con-daniela-perez-en-deliberando\/\" title=\"Seguridad, Educaci\u00f3n y el Futuro de Armstrong: Mano a mano con Daniela P\u00e9rez en \u00abDeliberando\u00bb\"><span class=\"prl-overlay\"><img decoding=\"async\" src=\"https:\/\/armstrongyregion.com.ar\/diario\/wp-content\/uploads\/2026\/04\/DANIELA-PEREZ-28-4-26.jpg\" alt=\"Seguridad, Educaci\u00f3n y el Futuro de Armstrong: Mano a mano con Daniela P\u00e9rez en \u00abDeliberando\u00bb\"><span class=\"prl-overlay-area o-\"><\/span><\/span><\/a><\/div>\n\t\t\t\t\t<h2 class=\"prl-article-title\"><a href=\"https:\/\/armstrongyregion.com.ar\/diario\/seguridad-educacion-y-el-futuro-de-armstrong-mano-a-mano-con-daniela-perez-en-deliberando\/\" rel=\"bookmark\" title=\"Seguridad, Educaci\u00f3n y el Futuro de Armstrong: Mano a mano con Daniela P\u00e9rez en \u00abDeliberando\u00bb\">Seguridad, Educaci\u00f3n y el Futuro de Armstrong: Mano a mano con Daniela P\u00e9rez en \u00abDeliberando\u00bb<\/a>  <\/h2>\t\t\t\t\t\t\t\t\t\t<p>La Secretaria de Gobierno municipal visit\u00f3 el programa televisivo para abordar la compleja situaci\u00f3n que ...<\/p>\t\t\t\t\t\n\t\t\t\t<\/article>\n\t\t\t<\/div>\n\t\t\t\t\t\t <!--<div class=\"prl-span-4\">-->\n\t\t\t <div id=\"post-48449\" class=\"prl-span-4 post-48449 post type-post status-publish format-image has-post-thumbnail hentry category-deliberando category-diario-armstrong category-locales category-politica category-region tag-28-de-mayo tag-armstrong tag-concejo-deliberante tag-dia-2 tag-orden post_format-post-format-image\">\n\t\t\t \t\t\t\n\t\t\n\t\t\t\t<article class=\"prl-article\">\n\t\t\t\t\t<div class=\"cat-thumbnail\"><a class=\"prl-thumbnail\" href=\"https:\/\/armstrongyregion.com.ar\/diario\/armstrong-orden-del-dia-28-de-mayo-3\/\" title=\"Armstrong. Orden del D\u00eda 28 de Mayo.\"><span class=\"prl-overlay\"><img decoding=\"async\" src=\"https:\/\/armstrongyregion.com.ar\/diario\/wp-content\/uploads\/2026\/03\/apertura-concejo-intendente-a--520x360.jpg\" alt=\"Armstrong. Orden del D\u00eda 28 de Mayo.\"><span class=\"prl-overlay-area o-\"><\/span><\/span><\/a><\/div>\n\t\t\t\t\t<h2 class=\"prl-article-title\"><a href=\"https:\/\/armstrongyregion.com.ar\/diario\/armstrong-orden-del-dia-28-de-mayo-3\/\" rel=\"bookmark\" title=\"Armstrong. Orden del D\u00eda 28 de Mayo.\">Armstrong. Orden del D\u00eda 28 de Mayo.<\/a>  <\/h2>\t\t\t\t\t\t\t\t\t\t<p>1) ACTA ANTERIOR:\uf0b7 ACTA SESI\u00d3N ORDINARIA No 1198.2) MENSAJES DEL D.E.: A- PROYECTO DE ORDENANZA: ...<\/p>\t\t\t\t\t\n\t\t\t\t<\/article>\n\t\t\t<\/div>\n\t\t\t\t\t\t <!--<div class=\"prl-span-4\">-->\n\t\t\t <div id=\"post-48446\" class=\"prl-span-4 post-48446 post type-post status-publish format-image has-post-thumbnail hentry category-cultura-entretenimiento category-deliberando category-diario-armstrong category-locales category-politica category-region tag-armstrong tag-diario-armstrong tag-inscripciones tag-nueva-oportunidad-2026 tag-talleres-gratuitos post_format-post-format-image\">\n\t\t\t \t\t\t\n\t\t\n\t\t\t\t<article class=\"prl-article\">\n\t\t\t\t\t<div class=\"cat-thumbnail\"><a class=\"prl-thumbnail\" href=\"https:\/\/armstrongyregion.com.ar\/diario\/nueva-oportunidad-2026-abren-las-inscripciones-para-talleres-gratuitos-en-armstrong\/\" title=\"Nueva Oportunidad 2026: Abren las inscripciones para talleres gratuitos en Armstrong.\"><span class=\"prl-overlay\"><img decoding=\"async\" src=\"https:\/\/armstrongyregion.com.ar\/diario\/wp-content\/uploads\/2026\/04\/NUEVA-OPORTUNIDAD-2026-520x360.jpg\" alt=\"Nueva Oportunidad 2026: Abren las inscripciones para talleres gratuitos en Armstrong.\"><span class=\"prl-overlay-area o-\"><\/span><\/span><\/a><\/div>\n\t\t\t\t\t<h2 class=\"prl-article-title\"><a href=\"https:\/\/armstrongyregion.com.ar\/diario\/nueva-oportunidad-2026-abren-las-inscripciones-para-talleres-gratuitos-en-armstrong\/\" rel=\"bookmark\" title=\"Nueva Oportunidad 2026: Abren las inscripciones para talleres gratuitos en Armstrong.\">Nueva Oportunidad 2026: Abren las inscripciones para talleres gratuitos en Armstrong.<\/a>  <\/h2>\t\t\t\t\t\t\t\t\t\t<p>El programa Nueva Oportunidad, construyendo comunidad se encuentra en la esfera de laSecretar\u00eda de Pol\u00edticas ...<\/p>\t\t\t\t\t\n\t\t\t\t<\/article>\n\t\t\t<\/div>\n\t\t\t<\/div> <hr class=\"prl-grid-divider\"><div class=\"prl-grid prl-grid-divider\">\t\t\t <!--<div class=\"prl-span-4\">-->\n\t\t\t <div id=\"post-48443\" class=\"prl-span-4 post-48443 post type-post status-publish format-image has-post-thumbnail hentry category-deliberando category-diario-armstrong category-locales category-policiales category-politica category-region tag-allanamiento tag-diario-armstrong tag-droga tag-las-parejas tag-motocicleta tag-robo tag-secuestro post_format-post-format-image\">\n\t\t\t \t\t\t\n\t\t\n\t\t\t\t<article class=\"prl-article\">\n\t\t\t\t\t<div class=\"cat-thumbnail\"><a class=\"prl-thumbnail\" href=\"https:\/\/armstrongyregion.com.ar\/diario\/allanamiento-por-robo-de-motocicleta-y-secuestro-de-droga-en-las-parejas\/\" title=\"Allanamiento por robo de motocicleta y secuestro de droga en Las Parejas.\"><span class=\"prl-overlay\"><img decoding=\"async\" src=\"https:\/\/armstrongyregion.com.ar\/diario\/wp-content\/uploads\/2026\/04\/ALLANAMIENTO-25-04-26-520x360.jpg\" alt=\"Allanamiento por robo de motocicleta y secuestro de droga en Las Parejas.\"><span class=\"prl-overlay-area o-\"><\/span><\/span><\/a><\/div>\n\t\t\t\t\t<h2 class=\"prl-article-title\"><a href=\"https:\/\/armstrongyregion.com.ar\/diario\/allanamiento-por-robo-de-motocicleta-y-secuestro-de-droga-en-las-parejas\/\" rel=\"bookmark\" title=\"Allanamiento por robo de motocicleta y secuestro de droga en Las Parejas.\">Allanamiento por robo de motocicleta y secuestro de droga en Las Parejas.<\/a>  <\/h2>\t\t\t\t\t\t\t\t\t\t<p>Varios procedimientos policiales arrojaron resultados positivos. Un sospechoso enfrentar\u00e1 cargos por encubrimiento y posible tenencia. ...<\/p>\t\t\t\t\t\n\t\t\t\t<\/article>\n\t\t\t<\/div>\n\t\t\t\t\t\t <!--<div class=\"prl-span-4\">-->\n\t\t\t <div id=\"post-48440\" class=\"prl-span-4 post-48440 post type-post status-publish format-image has-post-thumbnail hentry category-deliberando category-diario-armstrong category-locales category-politica category-region tag-album tag-lunes-28-de-abril tag-mil-figuritas tag-mundia tag-mundial-2026 post_format-post-format-image\">\n\t\t\t \t\t\t\n\t\t\n\t\t\t\t<article class=\"prl-article\">\n\t\t\t\t\t<div class=\"cat-thumbnail\"><a class=\"prl-thumbnail\" href=\"https:\/\/armstrongyregion.com.ar\/diario\/el-album-del-mundial-sale-este-lunes-con-48-selecciones-y-casi-mil-figuritas\/\" title=\"El \u00e1lbum del Mundial sale este lunes, con 48 selecciones y casi mil figuritas.\"><span class=\"prl-overlay\"><img decoding=\"async\" src=\"https:\/\/armstrongyregion.com.ar\/diario\/wp-content\/uploads\/2026\/04\/FIFA-2026--520x360.jpg\" alt=\"El \u00e1lbum del Mundial sale este lunes, con 48 selecciones y casi mil figuritas.\"><span class=\"prl-overlay-area o-\"><\/span><\/span><\/a><\/div>\n\t\t\t\t\t<h2 class=\"prl-article-title\"><a href=\"https:\/\/armstrongyregion.com.ar\/diario\/el-album-del-mundial-sale-este-lunes-con-48-selecciones-y-casi-mil-figuritas\/\" rel=\"bookmark\" title=\"El \u00e1lbum del Mundial sale este lunes, con 48 selecciones y casi mil figuritas.\">El \u00e1lbum del Mundial sale este lunes, con 48 selecciones y casi mil figuritas.<\/a>  <\/h2>\t\t\t\t\t\t\t\t\t\t<p>Los coleccionistas podr\u00e1n conseguir el ejemplar a $15.000 y completarlo requerir\u00e1 una inversi\u00f3n sin precedentes. ...<\/p>\t\t\t\t\t\n\t\t\t\t<\/article>\n\t\t\t<\/div>\n\t\t\t\t\t\t <!--<div class=\"prl-span-4\">-->\n\t\t\t <div id=\"post-48438\" class=\"prl-span-4 post-48438 post type-post status-publish format-image has-post-thumbnail hentry category-cultura-entretenimiento category-deliberando category-diario-armstrong category-locales category-politica category-region tag-diario-armstrong tag-docentes tag-financiamiento-universitario tag-paro tag-unr post_format-post-format-image\">\n\t\t\t \t\t\t\n\t\t\n\t\t\t\t<article class=\"prl-article\">\n\t\t\t\t\t<div class=\"cat-thumbnail\"><a class=\"prl-thumbnail\" href=\"https:\/\/armstrongyregion.com.ar\/diario\/docentes-de-la-unr-inician-este-lunes-un-paro-de-semana-completa-por-el-financiamiento-universitario\/\" title=\"Docentes de la UNR inician este lunes un paro de semana completa por el financiamiento universitario.\"><span class=\"prl-overlay\"><img decoding=\"async\" src=\"https:\/\/armstrongyregion.com.ar\/diario\/wp-content\/uploads\/2017\/11\/parodocente.jpg_1305449671-2-520x360.jpg\" alt=\"Docentes de la UNR inician este lunes un paro de semana completa por el financiamiento universitario.\"><span class=\"prl-overlay-area o-\"><\/span><\/span><\/a><\/div>\n\t\t\t\t\t<h2 class=\"prl-article-title\"><a href=\"https:\/\/armstrongyregion.com.ar\/diario\/docentes-de-la-unr-inician-este-lunes-un-paro-de-semana-completa-por-el-financiamiento-universitario\/\" rel=\"bookmark\" title=\"Docentes de la UNR inician este lunes un paro de semana completa por el financiamiento universitario.\">Docentes de la UNR inician este lunes un paro de semana completa por el financiamiento universitario.<\/a>  <\/h2>\t\t\t\t\t\t\t\t\t\t<p>La medida de fuerza se extender\u00e1 del 27 de abril al 2 de mayo. El ...<\/p>\t\t\t\t\t\n\t\t\t\t<\/article>\n\t\t\t<\/div>\n\t\t\t<\/div> <hr class=\"prl-grid-divider\"><div class=\"prl-grid prl-grid-divider\">\t\t\t <!--<div class=\"prl-span-4\">-->\n\t\t\t <div id=\"post-48435\" class=\"prl-span-4 post-48435 post type-post status-publish format-image has-post-thumbnail hentry category-cultura-entretenimiento category-deliberando category-diario-armstrong category-locales category-politica category-region tag-armstrong tag-charla-taller tag-deportiva tag-diario-armstrong tag-psicologia-2 post_format-post-format-image\">\n\t\t\t \t\t\t\n\t\t\n\t\t\t\t<article class=\"prl-article\">\n\t\t\t\t\t<div class=\"cat-thumbnail\"><a class=\"prl-thumbnail\" href=\"https:\/\/armstrongyregion.com.ar\/diario\/armstrong-charla-taller-de-psicologia-deportiva\/\" title=\"Armstrong. Charla taller de Psicolog\u00eda Deportiva.\"><span class=\"prl-overlay\"><img decoding=\"async\" src=\"https:\/\/armstrongyregion.com.ar\/diario\/wp-content\/uploads\/2026\/04\/DEPORTIVA-.jpg\" alt=\"Armstrong. Charla taller de Psicolog\u00eda Deportiva.\"><span class=\"prl-overlay-area o-\"><\/span><\/span><\/a><\/div>\n\t\t\t\t\t<h2 class=\"prl-article-title\"><a href=\"https:\/\/armstrongyregion.com.ar\/diario\/armstrong-charla-taller-de-psicologia-deportiva\/\" rel=\"bookmark\" title=\"Armstrong. Charla taller de Psicolog\u00eda Deportiva.\">Armstrong. Charla taller de Psicolog\u00eda Deportiva.<\/a>  <\/h2>\t\t\t\t\t\t\t\t\t\t<p>La Secretar\u00eda de Deportes de la Provincia de Santa Fe invita a la charla taller ...<\/p>\t\t\t\t\t\n\t\t\t\t<\/article>\n\t\t\t<\/div>\n\t\t\t\t\t\t <!--<div class=\"prl-span-4\">-->\n\t\t\t <div id=\"post-48431\" class=\"prl-span-4 post-48431 post type-post status-publish format-image has-post-thumbnail hentry category-cultura-entretenimiento category-deliberando category-diario-armstrong category-locales category-politica category-region tag-accidente tag-autopista-2 tag-bomberos-voluntarios tag-carga tag-diario-armstrong tag-motociclista-herido tag-vehiculo-2 post_format-post-format-image\">\n\t\t\t \t\t\t\n\t\t\n\t\t\t\t<article class=\"prl-article\">\n\t\t\t\t\t<div class=\"cat-thumbnail\"><a class=\"prl-thumbnail\" href=\"https:\/\/armstrongyregion.com.ar\/diario\/accidente-en-la-autopista-motociclista-herido-tras-la-caida-de-carga-de-un-vehiculo\/\" title=\"Accidente en la Autopista: motociclista herido tras la ca\u00edda de carga de un veh\u00edculo.\"><span class=\"prl-overlay\"><img decoding=\"async\" src=\"https:\/\/armstrongyregion.com.ar\/diario\/wp-content\/uploads\/2026\/04\/ACCIDENTE-22-4-26--520x360.jpg\" alt=\"Accidente en la Autopista: motociclista herido tras la ca\u00edda de carga de un veh\u00edculo.\"><span class=\"prl-overlay-area o-\"><\/span><\/span><\/a><\/div>\n\t\t\t\t\t<h2 class=\"prl-article-title\"><a href=\"https:\/\/armstrongyregion.com.ar\/diario\/accidente-en-la-autopista-motociclista-herido-tras-la-caida-de-carga-de-un-vehiculo\/\" rel=\"bookmark\" title=\"Accidente en la Autopista: motociclista herido tras la ca\u00edda de carga de un veh\u00edculo.\">Accidente en la Autopista: motociclista herido tras la ca\u00edda de carga de un veh\u00edculo.<\/a>  <\/h2>\t\t\t\t\t\t\t\t\t\t<p>El siniestro ocurri\u00f3 en el kil\u00f3metro 387, mano a Rosario, durante la noche de este ...<\/p>\t\t\t\t\t\n\t\t\t\t<\/article>\n\t\t\t<\/div>\n\t\t\t\t\t\t <!--<div class=\"prl-span-4\">-->\n\t\t\t <div id=\"post-48426\" class=\"prl-span-4 post-48426 post type-post status-publish format-image has-post-thumbnail hentry category-cultura-entretenimiento category-deliberando category-diario-armstrong category-locales category-politica category-region tag-22-millones tag-diario-armstrong tag-educacion-2 tag-infraestructura-escolar tag-inversion tag-las-rosas-2 post_format-post-format-image\">\n\t\t\t \t\t\t\n\t\t\n\t\t\t\t<article class=\"prl-article\">\n\t\t\t\t\t<div class=\"cat-thumbnail\"><a class=\"prl-thumbnail\" href=\"https:\/\/armstrongyregion.com.ar\/diario\/educacion-e-inversion-mas-de-22-millones-para-infraestructura-escolar-en-las-rosas\/\" title=\"Educaci\u00f3n e inversi\u00f3n: m\u00e1s de $22 millones para infraestructura escolar en Las Rosas.\"><span class=\"prl-overlay\"><img decoding=\"async\" src=\"https:\/\/armstrongyregion.com.ar\/diario\/wp-content\/uploads\/2026\/04\/EDUCACION-VERDECCHIA1--520x360.jpg\" alt=\"Educaci\u00f3n e inversi\u00f3n: m\u00e1s de $22 millones para infraestructura escolar en Las Rosas.\"><span class=\"prl-overlay-area o-\"><\/span><\/span><\/a><\/div>\n\t\t\t\t\t<h2 class=\"prl-article-title\"><a href=\"https:\/\/armstrongyregion.com.ar\/diario\/educacion-e-inversion-mas-de-22-millones-para-infraestructura-escolar-en-las-rosas\/\" rel=\"bookmark\" title=\"Educaci\u00f3n e inversi\u00f3n: m\u00e1s de $22 millones para infraestructura escolar en Las Rosas.\">Educaci\u00f3n e inversi\u00f3n: m\u00e1s de $22 millones para infraestructura escolar en Las Rosas.<\/a>  <\/h2>\t\t\t\t\t\t\t\t\t\t<p>El senador provincial Pablo Verdecchia, junto a la delegada de la Regi\u00f3n V de Educaci\u00f3n, ...<\/p>\t\t\t\t\t\n\t\t\t\t<\/article>\n\t\t\t<\/div>\n\t\t\t<\/div> <hr class=\"prl-grid-divider\"><div class=\"prl-grid prl-grid-divider\">\t\t\t <!--<div class=\"prl-span-4\">-->\n\t\t\t <div id=\"post-48423\" class=\"prl-span-4 post-48423 post type-post status-publish format-image has-post-thumbnail hentry category-cultura-entretenimiento category-deliberando category-diario-armstrong category-locales category-politica category-region tag-armstrong tag-celebra tag-dia-de-la-tierra tag-diario-armstrong tag-jornada tag-nueva tag-yo-me-comprometo post_format-post-format-image\">\n\t\t\t \t\t\t\n\t\t\n\t\t\t\t<article class=\"prl-article\">\n\t\t\t\t\t<div class=\"cat-thumbnail\"><a class=\"prl-thumbnail\" href=\"https:\/\/armstrongyregion.com.ar\/diario\/armstrong-celebra-el-dia-de-la-tierra-con-una-nueva-jornada-de-canje-yo-me-comprometo\/\" title=\"Armstrong celebra el D\u00eda de la Tierra con una nueva jornada de canje \u00abYo me Comprometo\u00bb\"><span class=\"prl-overlay\"><img decoding=\"async\" src=\"https:\/\/armstrongyregion.com.ar\/diario\/wp-content\/uploads\/2026\/04\/JORNADA-CANJE-A-.jpg\" alt=\"Armstrong celebra el D\u00eda de la Tierra con una nueva jornada de canje \u00abYo me Comprometo\u00bb\"><span class=\"prl-overlay-area o-\"><\/span><\/span><\/a><\/div>\n\t\t\t\t\t<h2 class=\"prl-article-title\"><a href=\"https:\/\/armstrongyregion.com.ar\/diario\/armstrong-celebra-el-dia-de-la-tierra-con-una-nueva-jornada-de-canje-yo-me-comprometo\/\" rel=\"bookmark\" title=\"Armstrong celebra el D\u00eda de la Tierra con una nueva jornada de canje \u00abYo me Comprometo\u00bb\">Armstrong celebra el D\u00eda de la Tierra con una nueva jornada de canje \u00abYo me Comprometo\u00bb<\/a>  <\/h2>\t\t\t\t\t\t\t\t\t\t<p>La Municipalidad de Armstrong junto al Bloque Unidos del Concejo Municipal invita aparticipar de la ...<\/p>\t\t\t\t\t\n\t\t\t\t<\/article>\n\t\t\t<\/div>\n\t\t\t\t\t\t <!--<div class=\"prl-span-4\">-->\n\t\t\t <div id=\"post-48421\" class=\"prl-span-4 post-48421 post type-post status-publish format-image has-post-thumbnail hentry category-cultura-entretenimiento category-deliberando category-diario-armstrong category-locales category-region tag-armstrong tag-bomberos tag-diario-armstrong tag-sorteo tag-tombola-2 post_format-post-format-image\">\n\t\t\t \t\t\t\n\t\t\n\t\t\t\t<article class=\"prl-article\">\n\t\t\t\t\t<div class=\"cat-thumbnail\"><a class=\"prl-thumbnail\" href=\"https:\/\/armstrongyregion.com.ar\/diario\/armstrong-sorteo-tombola-bomberos-voluntarios-22-04-2026\/\" title=\"Armstrong. Sorteo T\u00f3mbola Bomberos Voluntarios 22\/04\/2026\"><span class=\"prl-overlay\"><img decoding=\"async\" src=\"https:\/\/armstrongyregion.com.ar\/diario\/wp-content\/uploads\/2023\/10\/tombola-ok.jpg\" alt=\"Armstrong. Sorteo T\u00f3mbola Bomberos Voluntarios 22\/04\/2026\"><span class=\"prl-overlay-area o-\"><\/span><\/span><\/a><\/div>\n\t\t\t\t\t<h2 class=\"prl-article-title\"><a href=\"https:\/\/armstrongyregion.com.ar\/diario\/armstrong-sorteo-tombola-bomberos-voluntarios-22-04-2026\/\" rel=\"bookmark\" title=\"Armstrong. Sorteo T\u00f3mbola Bomberos Voluntarios 22\/04\/2026\">Armstrong. Sorteo T\u00f3mbola Bomberos Voluntarios 22\/04\/2026<\/a>  <\/h2>\t\t\t\t\t\t\t\t\t\t<p>Sorteo N\u00b0 800Ganadores:Cuaterno: $ 40.000: Ver\u00f3nica RicarteQuintina: $ 55.000: Silvia BagaliniT\u00f3mbola: $ 600.000: Estela AramburuSale ...<\/p>\t\t\t\t\t\n\t\t\t\t<\/article>\n\t\t\t<\/div>\n\t\t\t\t\t\t <!--<div class=\"prl-span-4\">-->\n\t\t\t <div id=\"post-48415\" class=\"prl-span-4 post-48415 post type-post status-publish format-image has-post-thumbnail hentry category-cultura-entretenimiento category-deliberando category-diario-armstrong category-locales category-politica category-region tag-amenaza tag-diario-armstrong tag-escuela-424 tag-identifican tag-las-pareja tag-menor post_format-post-format-image\">\n\t\t\t \t\t\t\n\t\t\n\t\t\t\t<article class=\"prl-article\">\n\t\t\t\t\t<div class=\"cat-thumbnail\"><a class=\"prl-thumbnail\" href=\"https:\/\/armstrongyregion.com.ar\/diario\/identifican-a-menor-por-amenaza-en-escuela-de-las-parejas\/\" title=\"Identifican a menor por amenaza en escuela de Las Parejas.\"><span class=\"prl-overlay\"><img decoding=\"async\" src=\"https:\/\/armstrongyregion.com.ar\/diario\/wp-content\/uploads\/2026\/04\/MENOR-AMENAZAS-520x360.jpg\" alt=\"Identifican a menor por amenaza en escuela de Las Parejas.\"><span class=\"prl-overlay-area o-\"><\/span><\/span><\/a><\/div>\n\t\t\t\t\t<h2 class=\"prl-article-title\"><a href=\"https:\/\/armstrongyregion.com.ar\/diario\/identifican-a-menor-por-amenaza-en-escuela-de-las-parejas\/\" rel=\"bookmark\" title=\"Identifican a menor por amenaza en escuela de Las Parejas.\">Identifican a menor por amenaza en escuela de Las Parejas.<\/a>  <\/h2>\t\t\t\t\t\t\t\t\t\t<p>Autoridades educativas y policiales intervinieron tras el hallazgo de un mensaje violento en el ba\u00f1o ...<\/p>\t\t\t\t\t\n\t\t\t\t<\/article>\n\t\t\t<\/div>\n\t\t\t<\/div> <hr class=\"prl-grid-divider\"><div class=\"prl-grid prl-grid-divider\">\t\t\t <!--<div class=\"prl-span-4\">-->\n\t\t\t <div id=\"post-48411\" class=\"prl-span-4 post-48411 post type-post status-publish format-image has-post-thumbnail hentry category-cultura-entretenimiento category-deliberando category-diario-armstrong category-locales category-politica category-region tag-amenaar tag-codigo-pena tag-diario-armstrong tag-dr-ulises-bonetto tag-escuelas-2 tag-travesuras post_format-post-format-image\">\n\t\t\t \t\t\t\n\t\t\n\t\t\t\t<article class=\"prl-article\">\n\t\t\t\t\t<div class=\"cat-thumbnail\"><a class=\"prl-thumbnail\" href=\"https:\/\/armstrongyregion.com.ar\/diario\/de-travesura-al-codigo-penal-penas-por-amenazar-en-escuelas\/\" title=\"De travesura al C\u00f3digo Penal: penas por amenazar en escuelas.\"><span class=\"prl-overlay\"><img decoding=\"async\" src=\"https:\/\/armstrongyregion.com.ar\/diario\/wp-content\/uploads\/2026\/04\/DR.BONETO--520x360.jpg\" alt=\"De travesura al C\u00f3digo Penal: penas por amenazar en escuelas.\"><span class=\"prl-overlay-area o-\"><\/span><\/span><\/a><\/div>\n\t\t\t\t\t<h2 class=\"prl-article-title\"><a href=\"https:\/\/armstrongyregion.com.ar\/diario\/de-travesura-al-codigo-penal-penas-por-amenazar-en-escuelas\/\" rel=\"bookmark\" title=\"De travesura al C\u00f3digo Penal: penas por amenazar en escuelas.\">De travesura al C\u00f3digo Penal: penas por amenazar en escuelas.<\/a>  <\/h2>\t\t\t\t\t\t\t\t\t\t<p>El abogado Ulises Bonetto explica por qu\u00e9 las falsas amenazas de bomba en colegios movilizan ...<\/p>\t\t\t\t\t\n\t\t\t\t<\/article>\n\t\t\t<\/div>\n\t\t\t\t\t\t <!--<div class=\"prl-span-4\">-->\n\t\t\t <div id=\"post-48408\" class=\"prl-span-4 post-48408 post type-post status-publish format-image has-post-thumbnail hentry category-cultura-entretenimiento category-deliberando category-diario-armstrong category-locales category-politica category-region tag-armstrong tag-bordado tag-borla tag-diario-armstrong tag-workshop post_format-post-format-image\">\n\t\t\t \t\t\t\n\t\t\n\t\t\t\t<article class=\"prl-article\">\n\t\t\t\t\t<div class=\"cat-thumbnail\"><a class=\"prl-thumbnail\" href=\"https:\/\/armstrongyregion.com.ar\/diario\/armstrong-workshop-de-borlas-y-bordado\/\" title=\"Armstrong. Workshop de borlas y bordado.\"><span class=\"prl-overlay\"><img decoding=\"async\" src=\"https:\/\/armstrongyregion.com.ar\/diario\/wp-content\/uploads\/2026\/04\/BORLAS-.jpg\" alt=\"Armstrong. Workshop de borlas y bordado.\"><span class=\"prl-overlay-area o-\"><\/span><\/span><\/a><\/div>\n\t\t\t\t\t<h2 class=\"prl-article-title\"><a href=\"https:\/\/armstrongyregion.com.ar\/diario\/armstrong-workshop-de-borlas-y-bordado\/\" rel=\"bookmark\" title=\"Armstrong. Workshop de borlas y bordado.\">Armstrong. Workshop de borlas y bordado.<\/a>  <\/h2>\t\t\t\t\t\t\t\t\t\t<p>Municipalidad de Armstrong invita a participar del workshop de borlas y bordado que se realizar\u00e1 ...<\/p>\t\t\t\t\t\n\t\t\t\t<\/article>\n\t\t\t<\/div>\n\t\t\t\t\t\t <!--<div class=\"prl-span-4\">-->\n\t\t\t <div id=\"post-48405\" class=\"prl-span-4 post-48405 post type-post status-publish format-image has-post-thumbnail hentry category-deliberando category-diario-armstrong category-locales category-politica tag-alerta tag-diario-armstrong tag-llamadas tag-logistica-utilizada tag-montes-de-oca tag-secuestro-virtual tag-telefono-fijo post_format-post-format-image\">\n\t\t\t \t\t\t\n\t\t\n\t\t\t\t<article class=\"prl-article\">\n\t\t\t\t\t<div class=\"cat-thumbnail\"><a class=\"prl-thumbnail\" href=\"https:\/\/armstrongyregion.com.ar\/diario\/secuestro-virtual-en-montes-de-oca-alerta-por-la-logistica-utilizada\/\" title=\"Secuestro virtual en Montes de Oca alerta por la log\u00edstica utilizada.\"><span class=\"prl-overlay\"><img decoding=\"async\" src=\"https:\/\/armstrongyregion.com.ar\/diario\/wp-content\/uploads\/2026\/04\/1-SF-MontesdeOcaentrada-625x377-1-520x360.jpg\" alt=\"Secuestro virtual en Montes de Oca alerta por la log\u00edstica utilizada.\"><span class=\"prl-overlay-area o-\"><\/span><\/span><\/a><\/div>\n\t\t\t\t\t<h2 class=\"prl-article-title\"><a href=\"https:\/\/armstrongyregion.com.ar\/diario\/secuestro-virtual-en-montes-de-oca-alerta-por-la-logistica-utilizada\/\" rel=\"bookmark\" title=\"Secuestro virtual en Montes de Oca alerta por la log\u00edstica utilizada.\">Secuestro virtual en Montes de Oca alerta por la log\u00edstica utilizada.<\/a>  <\/h2>\t\t\t\t\t\t\t\t\t\t<p>Mediante llamadas al fijo y audios aterradores, extorsionadores mantuvieron cautiva a una familia y amenazaron ...<\/p>\t\t\t\t\t\n\t\t\t\t<\/article>\n\t\t\t<\/div>\n\t\t\t<\/div> <hr class=\"prl-grid-divider\">\t\t  \n\t\t  \t\t <\/div><\/div>\n","protected":false},"excerpt":{"rendered":"","protected":false},"author":1,"featured_media":0,"parent":0,"menu_order":0,"comment_status":"open","ping_status":"open","template":"","meta":{"footnotes":""},"class_list":["post-4","page","type-page","status-publish","hentry"],"jetpack_shortlink":"https:\/\/wp.me\/P62QDO-4","jetpack_sharing_enabled":true,"amp_enabled":false,"_links":{"self":[{"href":"https:\/\/armstrongyregion.com.ar\/diario\/wp-json\/wp\/v2\/pages\/4","targetHints":{"allow":["GET"]}}],"collection":[{"href":"https:\/\/armstrongyregion.com.ar\/diario\/wp-json\/wp\/v2\/pages"}],"about":[{"href":"https:\/\/armstrongyregion.com.ar\/diario\/wp-json\/wp\/v2\/types\/page"}],"author":[{"embeddable":true,"href":"https:\/\/armstrongyregion.com.ar\/diario\/wp-json\/wp\/v2\/users\/1"}],"replies":[{"embeddable":true,"href":"https:\/\/armstrongyregion.com.ar\/diario\/wp-json\/wp\/v2\/comments?post=4"}],"version-history":[{"count":1,"href":"https:\/\/armstrongyregion.com.ar\/diario\/wp-json\/wp\/v2\/pages\/4\/revisions"}],"predecessor-version":[{"id":46410,"href":"https:\/\/armstrongyregion.com.ar\/diario\/wp-json\/wp\/v2\/pages\/4\/revisions\/46410"}],"wp:attachment":[{"href":"https:\/\/armstrongyregion.com.ar\/diario\/wp-json\/wp\/v2\/media?parent=4"}],"curies":[{"name":"wp","href":"https:\/\/api.w.org\/{rel}","templated":true}]}}